{"id":832,"date":"2024-07-22T19:28:13","date_gmt":"2024-07-22T19:28:13","guid":{"rendered":"https:\/\/www.languagebuddy.eu\/shubija\/"},"modified":"2025-04-10T11:31:11","modified_gmt":"2025-04-10T11:31:11","slug":"shubija","status":"publish","type":"page","link":"https:\/\/www.languagebuddy.eu\/mt\/shubija\/","title":{"rendered":"S\u0127ubija"},"content":{"rendered":"\t\t<div data-elementor-type=\"wp-page\" data-elementor-id=\"832\" class=\"elementor elementor-832 elementor-32\" data-elementor-post-type=\"page\">\n\t\t\t\t<div class=\"elementor-element elementor-element-2ddd0f9 e-con-full e-flex e-con e-parent\" data-id=\"2ddd0f9\" data-element_type=\"container\" data-e-type=\"container\" data-settings=\"{&quot;background_background&quot;:&quot;classic&quot;}\">\n\t\t\t\t<\/div>\n\t\t<div class=\"elementor-element elementor-element-592cb25 e-flex e-con-boxed e-con e-parent\" data-id=\"592cb25\" data-element_type=\"container\" data-e-type=\"container\">\n\t\t\t\t\t<div class=\"e-con-inner\">\n\t\t<div class=\"elementor-element elementor-element-07f963f e-con-full e-flex e-con e-child\" data-id=\"07f963f\" data-element_type=\"container\" data-e-type=\"container\">\n\t\t\t\t<div class=\"elementor-element elementor-element-60f6d02 elementor-widget elementor-widget-image\" data-id=\"60f6d02\" data-element_type=\"widget\" data-e-type=\"widget\" data-widget_type=\"image.default\">\n\t\t\t\t<div class=\"elementor-widget-container\">\n\t\t\t\t\t\t\t\t\t\t\t\t\t\t\t<img fetchpriority=\"high\" decoding=\"async\" width=\"800\" height=\"534\" src=\"https:\/\/www.languagebuddy.eu\/wp-content\/uploads\/2024\/07\/UOMLOGOEN-1024x683.png\" class=\"attachment-large size-large wp-image-344\" alt=\"\" srcset=\"https:\/\/www.languagebuddy.eu\/wp-content\/uploads\/2024\/07\/UOMLOGOEN-1024x683.png 1024w, https:\/\/www.languagebuddy.eu\/wp-content\/uploads\/2024\/07\/UOMLOGOEN-300x200.png 300w, https:\/\/www.languagebuddy.eu\/wp-content\/uploads\/2024\/07\/UOMLOGOEN-768x512.png 768w, https:\/\/www.languagebuddy.eu\/wp-content\/uploads\/2024\/07\/UOMLOGOEN.png 1417w\" sizes=\"(max-width: 800px) 100vw, 800px\" \/>\t\t\t\t\t\t\t\t\t\t\t\t\t\t\t<\/div>\n\t\t\t\t<\/div>\n\t\t\t\t<div class=\"elementor-element elementor-element-6e0e6dc elementor-widget elementor-widget-heading\" data-id=\"6e0e6dc\" data-element_type=\"widget\" data-e-type=\"widget\" data-widget_type=\"heading.default\">\n\t\t\t\t<div class=\"elementor-widget-container\">\n\t\t\t\t\t<h2 class=\"elementor-heading-title elementor-size-default\">Universit\u00e0 tal-Ma\u010bedonja<\/h2>\t\t\t\t<\/div>\n\t\t\t\t<\/div>\n\t\t\t\t<div class=\"elementor-element elementor-element-af1eb5c elementor-widget-divider--view-line elementor-widget elementor-widget-divider\" data-id=\"af1eb5c\" data-element_type=\"widget\" data-e-type=\"widget\" data-widget_type=\"divider.default\">\n\t\t\t\t<div class=\"elementor-widget-container\">\n\t\t\t\t\t\t\t<div class=\"elementor-divider\">\n\t\t\t<span class=\"elementor-divider-separator\">\n\t\t\t\t\t\t<\/span>\n\t\t<\/div>\n\t\t\t\t\t\t<\/div>\n\t\t\t\t<\/div>\n\t\t\t\t<div class=\"elementor-element elementor-element-f8b42a4 elementor-widget elementor-widget-text-editor\" data-id=\"f8b42a4\" data-element_type=\"widget\" data-e-type=\"widget\" data-widget_type=\"text-editor.default\">\n\t\t\t\t<div class=\"elementor-widget-container\">\n\t\t\t\t\t\t\t\t\t<b>L-Universit\u00e0 tal-Ma\u010bedonja<\/b> hija Universit\u00e0 Statali li timpjega 241 persuna fit-tag\u0127lim u ri\u010berka ta&#8217; diversi livelli akkademi\u010bi u 187 impjegat tekniku u amministrattiv. Id-Dipartiment tal-Politika Edukattiva u So\u010bjali g\u0127andu l-g\u0127an li jippromwovi x-xjenzi tat-Tag\u0127lim tul il-\u0126ajja, l-Edukazzjoni tal-Adulti, kif ukoll l-Edukazzjoni u Ta\u0127ri\u0121 ta\u2019 Persuni b\u2019Di\u017cabilit\u00e0 u\/jew bi B\u017connijiet Edukattivi Spe\u010bjali, permezz ta\u2019 tag\u0127lim u ri\u010berka akkademika u applikata, bl-u\u017cu ta\u2019 teknolo\u0121iji \u0121odda u b\u2019rispett lejn il-prin\u010bipji tal-edukazzjoni interkulturali. \t\t\t\t\t\t\t\t<\/div>\n\t\t\t\t<\/div>\n\t\t\t\t<\/div>\n\t\t<div class=\"elementor-element elementor-element-3191306 e-con-full e-flex e-con e-child\" data-id=\"3191306\" data-element_type=\"container\" data-e-type=\"container\">\n\t\t\t\t<div class=\"elementor-element elementor-element-060ac40 elementor-widget elementor-widget-image\" data-id=\"060ac40\" data-element_type=\"widget\" data-e-type=\"widget\" data-widget_type=\"image.default\">\n\t\t\t\t<div class=\"elementor-widget-container\">\n\t\t\t\t\t\t\t\t\t\t\t\t\t\t\t<img decoding=\"async\" width=\"768\" height=\"768\" src=\"https:\/\/www.languagebuddy.eu\/wp-content\/uploads\/2024\/07\/symplexis_bluebg.jpg\" class=\"attachment-large size-large wp-image-512\" alt=\"\" srcset=\"https:\/\/www.languagebuddy.eu\/wp-content\/uploads\/2024\/07\/symplexis_bluebg.jpg 768w, https:\/\/www.languagebuddy.eu\/wp-content\/uploads\/2024\/07\/symplexis_bluebg-300x300.jpg 300w, https:\/\/www.languagebuddy.eu\/wp-content\/uploads\/2024\/07\/symplexis_bluebg-150x150.jpg 150w\" sizes=\"(max-width: 768px) 100vw, 768px\" \/>\t\t\t\t\t\t\t\t\t\t\t\t\t\t\t<\/div>\n\t\t\t\t<\/div>\n\t\t\t\t<div class=\"elementor-element elementor-element-d1d077c elementor-widget elementor-widget-heading\" data-id=\"d1d077c\" data-element_type=\"widget\" data-e-type=\"widget\" data-widget_type=\"heading.default\">\n\t\t\t\t<div class=\"elementor-widget-container\">\n\t\t\t\t\t<h2 class=\"elementor-heading-title elementor-size-default\">Symplexis<\/h2>\t\t\t\t<\/div>\n\t\t\t\t<\/div>\n\t\t\t\t<div class=\"elementor-element elementor-element-4455252 elementor-widget-divider--view-line elementor-widget elementor-widget-divider\" data-id=\"4455252\" data-element_type=\"widget\" data-e-type=\"widget\" data-widget_type=\"divider.default\">\n\t\t\t\t<div class=\"elementor-widget-container\">\n\t\t\t\t\t\t\t<div class=\"elementor-divider\">\n\t\t\t<span class=\"elementor-divider-separator\">\n\t\t\t\t\t\t<\/span>\n\t\t<\/div>\n\t\t\t\t\t\t<\/div>\n\t\t\t\t<\/div>\n\t\t\t\t<div class=\"elementor-element elementor-element-70e197c elementor-widget elementor-widget-text-editor\" data-id=\"70e197c\" data-element_type=\"widget\" data-e-type=\"widget\" data-widget_type=\"text-editor.default\">\n\t\t\t\t<div class=\"elementor-widget-container\">\n\t\t\t\t\t\t\t\t\t<b>Symplexis <\/b>hija NGO li hija attiva fit-trawwim tal-inklu\u017cjoni ta&#8217; \u010bittadini ta&#8217; pajji\u017ci terzi fil-Gre\u010bja u fl-UE. Din l-NGO ta\u0127dem \u0127afna biex ti\u017cgura li t-TCNs ji\u0121u milqug\u0127a mill-komunitajiet ospitanti tag\u0127hom, u biex tg\u0127in lill-komunitajiet ri\u010bevituri ja\u010b\u010bettawhom permezz ta&#8217; programmi ta&#8217; introduzzjoni u netwerking bejn \u010bittadini ta&#8217; pajji\u017ci terzi u indi\u0121eni. \t\t\t\t\t\t\t\t<\/div>\n\t\t\t\t<\/div>\n\t\t\t\t<\/div>\n\t\t\t\t\t<\/div>\n\t\t\t\t<\/div>\n\t\t<div class=\"elementor-element elementor-element-b58e52c e-flex e-con-boxed e-con e-parent\" data-id=\"b58e52c\" data-element_type=\"container\" data-e-type=\"container\">\n\t\t\t\t\t<div class=\"e-con-inner\">\n\t\t<div class=\"elementor-element elementor-element-71ab7f3 e-con-full e-flex e-con e-child\" data-id=\"71ab7f3\" data-element_type=\"container\" data-e-type=\"container\">\n\t\t\t\t<div class=\"elementor-element elementor-element-84d1528 elementor-widget elementor-widget-image\" data-id=\"84d1528\" data-element_type=\"widget\" data-e-type=\"widget\" data-widget_type=\"image.default\">\n\t\t\t\t<div class=\"elementor-widget-container\">\n\t\t\t\t\t\t\t\t\t\t\t\t\t\t\t<img decoding=\"async\" width=\"280\" height=\"268\" src=\"https:\/\/www.languagebuddy.eu\/wp-content\/uploads\/2024\/07\/PDE-logo_en-1.png\" class=\"attachment-large size-large wp-image-520\" alt=\"\" \/>\t\t\t\t\t\t\t\t\t\t\t\t\t\t\t<\/div>\n\t\t\t\t<\/div>\n\t\t\t\t<div class=\"elementor-element elementor-element-c446ca6 elementor-widget elementor-widget-heading\" data-id=\"c446ca6\" data-element_type=\"widget\" data-e-type=\"widget\" data-widget_type=\"heading.default\">\n\t\t\t\t<div class=\"elementor-widget-container\">\n\t\t\t\t\t<h2 class=\"elementor-heading-title elementor-size-default\">PDE<\/h2>\t\t\t\t<\/div>\n\t\t\t\t<\/div>\n\t\t\t\t<div class=\"elementor-element elementor-element-993087b elementor-widget-divider--view-line elementor-widget elementor-widget-divider\" data-id=\"993087b\" data-element_type=\"widget\" data-e-type=\"widget\" data-widget_type=\"divider.default\">\n\t\t\t\t<div class=\"elementor-widget-container\">\n\t\t\t\t\t\t\t<div class=\"elementor-divider\">\n\t\t\t<span class=\"elementor-divider-separator\">\n\t\t\t\t\t\t<\/span>\n\t\t<\/div>\n\t\t\t\t\t\t<\/div>\n\t\t\t\t<\/div>\n\t\t\t\t<div class=\"elementor-element elementor-element-3b8d42c elementor-widget elementor-widget-text-editor\" data-id=\"3b8d42c\" data-element_type=\"widget\" data-e-type=\"widget\" data-widget_type=\"text-editor.default\">\n\t\t\t\t<div class=\"elementor-widget-container\">\n\t\t\t\t\t\t\t\t\t<p><b>PDE<\/b><span style=\"font-weight: 400;\"> Il-PDE hija responsabbli g\u0127all-amministrazzjoni, il-kontroll u s-supervi\u017cjoni tal-Edukazzjoni Primarja u Sekondarja fill-Gre\u010bja \u010aentrali. Xog\u0127olha hu li ssa\u0127\u0127a\u0127 il-\u0127idma tal-g\u0127alliema permezz ta\u2019 workshops, seminars, konferenzi u ta\u0127ri\u0121 ie\u0127or. Il-PDE tikkoordina 874 skola primarja u sekondarja li b\u2019kollox jservu 67,417 student u jimpjegaw 8,937 g\u0127alliem. Fil-kuntest ta&#8217; integrazzjoni ta&#8217; gruppi so\u010bjali vulnerabbli (refu\u0121jati, immigranti ekonomi\u010bi, ritornati, e\u010b\u010b.) \u0121ew stabbiliti strutturi spe\u010bjalizzati ta&#8217; ta\u0127ri\u0121 u appo\u0121\u0121 li jdumu fis-se\u0127\u0127 g\u0127al numru ta&#8217; snin.   <\/span><\/p>\t\t\t\t\t\t\t\t<\/div>\n\t\t\t\t<\/div>\n\t\t\t\t<\/div>\n\t\t<div class=\"elementor-element elementor-element-1ed2297 e-con-full e-flex e-con e-child\" data-id=\"1ed2297\" data-element_type=\"container\" data-e-type=\"container\">\n\t\t\t\t<div class=\"elementor-element elementor-element-f39ce7a elementor-widget elementor-widget-image\" data-id=\"f39ce7a\" data-element_type=\"widget\" data-e-type=\"widget\" data-widget_type=\"image.default\">\n\t\t\t\t<div class=\"elementor-widget-container\">\n\t\t\t\t\t\t\t\t\t\t\t\t\t\t\t<img loading=\"lazy\" decoding=\"async\" width=\"800\" height=\"352\" src=\"https:\/\/www.languagebuddy.eu\/wp-content\/uploads\/2024\/07\/ucp-braga-1024x451.png\" class=\"attachment-large size-large wp-image-528\" alt=\"\" srcset=\"https:\/\/www.languagebuddy.eu\/wp-content\/uploads\/2024\/07\/ucp-braga-1024x451.png 1024w, https:\/\/www.languagebuddy.eu\/wp-content\/uploads\/2024\/07\/ucp-braga-300x132.png 300w, https:\/\/www.languagebuddy.eu\/wp-content\/uploads\/2024\/07\/ucp-braga-768x338.png 768w, https:\/\/www.languagebuddy.eu\/wp-content\/uploads\/2024\/07\/ucp-braga-1536x676.png 1536w, https:\/\/www.languagebuddy.eu\/wp-content\/uploads\/2024\/07\/ucp-braga-2048x901.png 2048w\" sizes=\"(max-width: 800px) 100vw, 800px\" \/>\t\t\t\t\t\t\t\t\t\t\t\t\t\t\t<\/div>\n\t\t\t\t<\/div>\n\t\t\t\t<div class=\"elementor-element elementor-element-9ff854e elementor-widget elementor-widget-heading\" data-id=\"9ff854e\" data-element_type=\"widget\" data-e-type=\"widget\" data-widget_type=\"heading.default\">\n\t\t\t\t<div class=\"elementor-widget-container\">\n\t\t\t\t\t<h2 class=\"elementor-heading-title elementor-size-default\">Universidade Catolica Portuguesa<\/h2>\t\t\t\t<\/div>\n\t\t\t\t<\/div>\n\t\t\t\t<div class=\"elementor-element elementor-element-2bc6ea8 elementor-widget-divider--view-line elementor-widget elementor-widget-divider\" data-id=\"2bc6ea8\" data-element_type=\"widget\" data-e-type=\"widget\" data-widget_type=\"divider.default\">\n\t\t\t\t<div class=\"elementor-widget-container\">\n\t\t\t\t\t\t\t<div class=\"elementor-divider\">\n\t\t\t<span class=\"elementor-divider-separator\">\n\t\t\t\t\t\t<\/span>\n\t\t<\/div>\n\t\t\t\t\t\t<\/div>\n\t\t\t\t<\/div>\n\t\t\t\t<div class=\"elementor-element elementor-element-6a81a5b elementor-widget elementor-widget-text-editor\" data-id=\"6a81a5b\" data-element_type=\"widget\" data-e-type=\"widget\" data-widget_type=\"text-editor.default\">\n\t\t\t\t<div class=\"elementor-widget-container\">\n\t\t\t\t\t\t\t\t\t<p>L-Universidade Cat\u00f3lica Portuguesa (<strong>UCP <\/strong>) hija universit\u00e0 ta&#8217; ri\u010berka kkaratterizzata minn vi\u017cjoni umanista u hi impenjata li tikkontribwixxi g\u0127all-g\u0127arfien u g\u0127all-benessre tas-so\u010bjet\u00e0. Hija rrappre\u017centata mill-Fakult\u00e0 tal-Filosofija u x-Xjenzi So\u010bjali, li hi fakult\u00e0 li tiffoka fuq il-problemi u l-isfidi kontemporanji tal-umanit\u00e0 u li tipprova issib modi biex tinbena so\u010bjet\u00e0 dejjem aktar \u0121usta u inklu\u017civa permezz ta\u2019 ri\u010berka kritika u impenjattiva fil-kuntest ta\u2019 kultura ta\u2019 u g\u0127all-verit\u00e0, u ta\u2019 pedago\u0121ija personalista, partikolarment tag\u0127lim ta\u2019 servizz. <\/p>\t\t\t\t\t\t\t\t<\/div>\n\t\t\t\t<\/div>\n\t\t\t\t<\/div>\n\t\t\t\t\t<\/div>\n\t\t\t\t<\/div>\n\t\t<div class=\"elementor-element elementor-element-7c70f86 e-flex e-con-boxed e-con e-parent\" data-id=\"7c70f86\" data-element_type=\"container\" data-e-type=\"container\">\n\t\t\t\t\t<div class=\"e-con-inner\">\n\t\t<div class=\"elementor-element elementor-element-747736a e-con-full e-flex e-con e-child\" data-id=\"747736a\" data-element_type=\"container\" data-e-type=\"container\">\n\t\t\t\t<div class=\"elementor-element elementor-element-69fc06c elementor-widget elementor-widget-image\" data-id=\"69fc06c\" data-element_type=\"widget\" data-e-type=\"widget\" data-widget_type=\"image.default\">\n\t\t\t\t<div class=\"elementor-widget-container\">\n\t\t\t\t\t\t\t\t\t\t\t\t\t\t\t<img loading=\"lazy\" decoding=\"async\" width=\"800\" height=\"240\" src=\"https:\/\/www.languagebuddy.eu\/wp-content\/uploads\/2024\/07\/Logo_CDP_preto_01-1024x307.png\" class=\"attachment-large size-large wp-image-368\" alt=\"\" srcset=\"https:\/\/www.languagebuddy.eu\/wp-content\/uploads\/2024\/07\/Logo_CDP_preto_01-1024x307.png 1024w, https:\/\/www.languagebuddy.eu\/wp-content\/uploads\/2024\/07\/Logo_CDP_preto_01-300x90.png 300w, https:\/\/www.languagebuddy.eu\/wp-content\/uploads\/2024\/07\/Logo_CDP_preto_01-768x230.png 768w, https:\/\/www.languagebuddy.eu\/wp-content\/uploads\/2024\/07\/Logo_CDP_preto_01-1536x461.png 1536w, https:\/\/www.languagebuddy.eu\/wp-content\/uploads\/2024\/07\/Logo_CDP_preto_01.png 2000w\" sizes=\"(max-width: 800px) 100vw, 800px\" \/>\t\t\t\t\t\t\t\t\t\t\t\t\t\t\t<\/div>\n\t\t\t\t<\/div>\n\t\t\t\t<div class=\"elementor-element elementor-element-8a88092 elementor-widget elementor-widget-heading\" data-id=\"8a88092\" data-element_type=\"widget\" data-e-type=\"widget\" data-widget_type=\"heading.default\">\n\t\t\t\t<div class=\"elementor-widget-container\">\n\t\t\t\t\t<h2 class=\"elementor-heading-title elementor-size-default\">Casa do professor<\/h2>\t\t\t\t<\/div>\n\t\t\t\t<\/div>\n\t\t\t\t<div class=\"elementor-element elementor-element-278d198 elementor-widget-divider--view-line elementor-widget elementor-widget-divider\" data-id=\"278d198\" data-element_type=\"widget\" data-e-type=\"widget\" data-widget_type=\"divider.default\">\n\t\t\t\t<div class=\"elementor-widget-container\">\n\t\t\t\t\t\t\t<div class=\"elementor-divider\">\n\t\t\t<span class=\"elementor-divider-separator\">\n\t\t\t\t\t\t<\/span>\n\t\t<\/div>\n\t\t\t\t\t\t<\/div>\n\t\t\t\t<\/div>\n\t\t\t\t<div class=\"elementor-element elementor-element-834e7e5 elementor-widget elementor-widget-text-editor\" data-id=\"834e7e5\" data-element_type=\"widget\" data-e-type=\"widget\" data-widget_type=\"text-editor.default\">\n\t\t\t\t<div class=\"elementor-widget-container\">\n\t\t\t\t\t\t\t\t\t<p><b>CDP<\/b><span style=\"font-weight: 400;\"> CDP hija asso\u010bjazzjoni ta&#8217; solidarjet\u00e0 so\u010bjali ta&#8217; g\u0127alliema, imwaqqfa fl-1979. I\u010b-\u010aentru ta&#8217; Ta\u0127ri\u0121 ta&#8217; CDP huwa l-akbar \u010bentru ta&#8217; ta\u0127ri\u0121 privat g\u0127all-g\u0127alliema fil-Portugal. Fuq perjodu ta\u2019 tliet snin, i\u010b\u010bertifikat aktar minn 6000 edukatur ta\u2019 livelli ta\u2019 edukazzjoni primarja, sekondarja u og\u0127la permezz ta\u2019 azzjonijiet ta\u2019 ta\u0127ri\u0121 differenti f\u2019oqsma b\u0127all-arti, il-lingwi, il-pedago\u0121ija, l-inklu\u017cjoni u l-evalwazzjoni.    <\/span><span style=\"font-weight: 400;\">I\u010b-\u010aentru ta&#8217; Innovazzjoni Pedago\u0121ika tas-CDP irawwem l-i\u017cvilupp tal-pjan ta&#8217; internazzjonalizzazzjoni tieg\u0127u billi mhux biss jikkoordina pro\u0121etti hu i\u017cda wkoll jissie\u0127eb f&#8217;diversi pro\u0121etti tal-Erasmus+.<\/span><\/p><p><a href=\"https:\/\/casadoprofessor.pt\/\">casadoprofessor.pt<\/a><\/p>\t\t\t\t\t\t\t\t<\/div>\n\t\t\t\t<\/div>\n\t\t\t\t<\/div>\n\t\t<div class=\"elementor-element elementor-element-c8ff80d e-con-full e-flex e-con e-child\" data-id=\"c8ff80d\" data-element_type=\"container\" data-e-type=\"container\">\n\t\t\t\t<div class=\"elementor-element elementor-element-a8ba7dc elementor-widget elementor-widget-image\" data-id=\"a8ba7dc\" data-element_type=\"widget\" data-e-type=\"widget\" data-widget_type=\"image.default\">\n\t\t\t\t<div class=\"elementor-widget-container\">\n\t\t\t\t\t\t\t\t\t\t\t\t\t\t\t<img loading=\"lazy\" decoding=\"async\" width=\"800\" height=\"228\" src=\"https:\/\/www.languagebuddy.eu\/wp-content\/uploads\/2024\/07\/BildungsLAB_2023_Logo_SW.png\" class=\"attachment-large size-large wp-image-376\" alt=\"\" srcset=\"https:\/\/www.languagebuddy.eu\/wp-content\/uploads\/2024\/07\/BildungsLAB_2023_Logo_SW.png 1016w, https:\/\/www.languagebuddy.eu\/wp-content\/uploads\/2024\/07\/BildungsLAB_2023_Logo_SW-300x86.png 300w, https:\/\/www.languagebuddy.eu\/wp-content\/uploads\/2024\/07\/BildungsLAB_2023_Logo_SW-768x219.png 768w\" sizes=\"(max-width: 800px) 100vw, 800px\" \/>\t\t\t\t\t\t\t\t\t\t\t\t\t\t\t<\/div>\n\t\t\t\t<\/div>\n\t\t\t\t<div class=\"elementor-element elementor-element-118e94e elementor-widget elementor-widget-heading\" data-id=\"118e94e\" data-element_type=\"widget\" data-e-type=\"widget\" data-widget_type=\"heading.default\">\n\t\t\t\t<div class=\"elementor-widget-container\">\n\t\t\t\t\t<h2 class=\"elementor-heading-title elementor-size-default\">BildungsLAB<\/h2>\t\t\t\t<\/div>\n\t\t\t\t<\/div>\n\t\t\t\t<div class=\"elementor-element elementor-element-f34c369 elementor-widget-divider--view-line elementor-widget elementor-widget-divider\" data-id=\"f34c369\" data-element_type=\"widget\" data-e-type=\"widget\" data-widget_type=\"divider.default\">\n\t\t\t\t<div class=\"elementor-widget-container\">\n\t\t\t\t\t\t\t<div class=\"elementor-divider\">\n\t\t\t<span class=\"elementor-divider-separator\">\n\t\t\t\t\t\t<\/span>\n\t\t<\/div>\n\t\t\t\t\t\t<\/div>\n\t\t\t\t<\/div>\n\t\t\t\t<div class=\"elementor-element elementor-element-287a459 elementor-widget elementor-widget-text-editor\" data-id=\"287a459\" data-element_type=\"widget\" data-e-type=\"widget\" data-widget_type=\"text-editor.default\">\n\t\t\t\t<div class=\"elementor-widget-container\">\n\t\t\t\t\t\t\t\t\t<p><b>BildungsLAB<\/b><span style=\"font-weight: 400;\"> BildungsLAB hija organizzazzjoni ming\u0127ajr skop ta&#8217; qlig\u0127 fl-Awstrija li ta\u0127dem b\u2019tim \u017cg\u0127ir u kuntratturi. Il-missjoni tag\u0127ha hija li l-edukazzjoni tinbidel u hi impenjata li tispira u tappo\u0121\u0121ja il-vja\u0121\u0121 tal-istudenti u l-fornituri tal-edukazzjoni. B\u0127ala laboratorju g\u0127al edukazzjoni dinamika, ti\u017cviluppa metodi \u0121odda biex tippromovi d-diversit\u00e0 u l-inklu\u017cjoni so\u010bjali u ekonomika permezz ta &#8216;programmi trasformattivi ta&#8217; tag\u0127lim tul il-\u0127ajja.  <\/span><span style=\"font-weight: 400;\">.<\/span><\/p><p><a href=\"https:\/\/www.bildungslab.com\/\">www.bildungslab.com<\/a><\/p>\t\t\t\t\t\t\t\t<\/div>\n\t\t\t\t<\/div>\n\t\t\t\t<\/div>\n\t\t\t\t\t<\/div>\n\t\t\t\t<\/div>\n\t\t<div class=\"elementor-element elementor-element-0da4937 e-flex e-con-boxed e-con e-parent\" data-id=\"0da4937\" data-element_type=\"container\" data-e-type=\"container\">\n\t\t\t\t\t<div class=\"e-con-inner\">\n\t\t<div class=\"elementor-element elementor-element-217226e e-con-full e-flex e-con e-child\" data-id=\"217226e\" data-element_type=\"container\" data-e-type=\"container\">\n\t\t\t\t<div class=\"elementor-element elementor-element-0e8bdc8 elementor-widget elementor-widget-image\" data-id=\"0e8bdc8\" data-element_type=\"widget\" data-e-type=\"widget\" data-widget_type=\"image.default\">\n\t\t\t\t<div class=\"elementor-widget-container\">\n\t\t\t\t\t\t\t\t\t\t\t\t\t\t\t<img loading=\"lazy\" decoding=\"async\" width=\"800\" height=\"239\" src=\"https:\/\/www.languagebuddy.eu\/wp-content\/uploads\/2024\/07\/MKC_logo_transparent-1024x306.png\" class=\"attachment-large size-large wp-image-384\" alt=\"\" srcset=\"https:\/\/www.languagebuddy.eu\/wp-content\/uploads\/2024\/07\/MKC_logo_transparent-1024x306.png 1024w, https:\/\/www.languagebuddy.eu\/wp-content\/uploads\/2024\/07\/MKC_logo_transparent-300x90.png 300w, https:\/\/www.languagebuddy.eu\/wp-content\/uploads\/2024\/07\/MKC_logo_transparent-768x229.png 768w, https:\/\/www.languagebuddy.eu\/wp-content\/uploads\/2024\/07\/MKC_logo_transparent.png 1048w\" sizes=\"(max-width: 800px) 100vw, 800px\" \/>\t\t\t\t\t\t\t\t\t\t\t\t\t\t\t<\/div>\n\t\t\t\t<\/div>\n\t\t\t\t<div class=\"elementor-element elementor-element-c400d2b elementor-widget elementor-widget-heading\" data-id=\"c400d2b\" data-element_type=\"widget\" data-e-type=\"widget\" data-widget_type=\"heading.default\">\n\t\t\t\t<div class=\"elementor-widget-container\">\n\t\t\t\t\t<h2 class=\"elementor-heading-title elementor-size-default\">Multi Kulti Collective<\/h2>\t\t\t\t<\/div>\n\t\t\t\t<\/div>\n\t\t\t\t<div class=\"elementor-element elementor-element-31786ff elementor-widget-divider--view-line elementor-widget elementor-widget-divider\" data-id=\"31786ff\" data-element_type=\"widget\" data-e-type=\"widget\" data-widget_type=\"divider.default\">\n\t\t\t\t<div class=\"elementor-widget-container\">\n\t\t\t\t\t\t\t<div class=\"elementor-divider\">\n\t\t\t<span class=\"elementor-divider-separator\">\n\t\t\t\t\t\t<\/span>\n\t\t<\/div>\n\t\t\t\t\t\t<\/div>\n\t\t\t\t<\/div>\n\t\t\t\t<div class=\"elementor-element elementor-element-7b64ef1 elementor-widget elementor-widget-text-editor\" data-id=\"7b64ef1\" data-element_type=\"widget\" data-e-type=\"widget\" data-widget_type=\"text-editor.default\">\n\t\t\t\t<div class=\"elementor-widget-container\">\n\t\t\t\t\t\t\t\t\t<p><b>Multi Kulti Collective <\/b><span style=\"font-weight: 400;\">Multi Kulti Collective hija wa\u0127da mill-organizzazzjonijiet mhux g\u0127al-profitt ewlenin Bulgari li ilhom mill-2011 ja\u0127dmu fil-qasam tal-integrazzjoni tal-immigranti u r-refu\u0121jati, l-i\u017cvilupp tal-komunit\u00e0 u d-drittijiet tal-bniedem. L-organizzazzjoni topera kemm fuq livell lokali kif ukoll fuq livell ta&#8217; politika so\u010bjali. Mill-2013 bdiet wkoll ta\u0127dem b\u0127ala intrapri\u017ca so\u010bjali biex tg\u0127in lill-immigranti u hi l-koordinatur nazzjonali tal-portal uffi\u010bjali tal-KE dwar l-integrazzjoni tal-immigranti (European Website on Integration). Il-pro\u0121etti tal-MKC huma rrikonoxxuti b\u0127ala pro\u0121etti ta\u2019 innovazzjoni so\u010bjali fuq livell nazzjonali u tal-UE u e\u017cempju ta\u2019 best practice.    <\/span><\/p>\t\t\t\t\t\t\t\t<\/div>\n\t\t\t\t<\/div>\n\t\t\t\t<\/div>\n\t\t<div class=\"elementor-element elementor-element-03a7ea9 e-con-full e-flex e-con e-child\" data-id=\"03a7ea9\" data-element_type=\"container\" data-e-type=\"container\">\n\t\t\t\t<div class=\"elementor-element elementor-element-207598b elementor-widget elementor-widget-image\" data-id=\"207598b\" data-element_type=\"widget\" data-e-type=\"widget\" data-widget_type=\"image.default\">\n\t\t\t\t<div class=\"elementor-widget-container\">\n\t\t\t\t\t\t\t\t\t\t\t\t\t\t\t<img loading=\"lazy\" decoding=\"async\" width=\"800\" height=\"230\" src=\"https:\/\/www.languagebuddy.eu\/wp-content\/uploads\/2024\/07\/LOGO-Centru-integrare-small-1024x295.png\" class=\"attachment-large size-large wp-image-400\" alt=\"\" srcset=\"https:\/\/www.languagebuddy.eu\/wp-content\/uploads\/2024\/07\/LOGO-Centru-integrare-small-1024x295.png 1024w, https:\/\/www.languagebuddy.eu\/wp-content\/uploads\/2024\/07\/LOGO-Centru-integrare-small-300x86.png 300w, https:\/\/www.languagebuddy.eu\/wp-content\/uploads\/2024\/07\/LOGO-Centru-integrare-small-768x221.png 768w, https:\/\/www.languagebuddy.eu\/wp-content\/uploads\/2024\/07\/LOGO-Centru-integrare-small-1536x442.png 1536w, https:\/\/www.languagebuddy.eu\/wp-content\/uploads\/2024\/07\/LOGO-Centru-integrare-small.png 1641w\" sizes=\"(max-width: 800px) 100vw, 800px\" \/>\t\t\t\t\t\t\t\t\t\t\t\t\t\t\t<\/div>\n\t\t\t\t<\/div>\n\t\t\t\t<div class=\"elementor-element elementor-element-340e8e2 elementor-widget elementor-widget-heading\" data-id=\"340e8e2\" data-element_type=\"widget\" data-e-type=\"widget\" data-widget_type=\"heading.default\">\n\t\t\t\t<div class=\"elementor-widget-container\">\n\t\t\t\t\t<h2 class=\"elementor-heading-title elementor-size-default\">\u010aentru g\u0127all-Integrazzjoni tal-Immigranti<\/h2>\t\t\t\t<\/div>\n\t\t\t\t<\/div>\n\t\t\t\t<div class=\"elementor-element elementor-element-336daa4 elementor-widget-divider--view-line elementor-widget elementor-widget-divider\" data-id=\"336daa4\" data-element_type=\"widget\" data-e-type=\"widget\" data-widget_type=\"divider.default\">\n\t\t\t\t<div class=\"elementor-widget-container\">\n\t\t\t\t\t\t\t<div class=\"elementor-divider\">\n\t\t\t<span class=\"elementor-divider-separator\">\n\t\t\t\t\t\t<\/span>\n\t\t<\/div>\n\t\t\t\t\t\t<\/div>\n\t\t\t\t<\/div>\n\t\t\t\t<div class=\"elementor-element elementor-element-5014fea elementor-widget elementor-widget-text-editor\" data-id=\"5014fea\" data-element_type=\"widget\" data-e-type=\"widget\" data-widget_type=\"text-editor.default\">\n\t\t\t\t<div class=\"elementor-widget-container\">\n\t\t\t\t\t\t\t\t\t<p><b>MIC <\/b><span style=\"font-weight: 400;\">hija NGO li \u0121iet stabbilita fl-2008 fil-belt ta\u2019 Brasov, ir-Rumanija. \u0126i tospita \u010b-\u010aentru g\u0127all-Integrazzjoni tal-Immigranti, li toffri servizzi t\u2019 integrazzjoni g\u0127all-immigranti u r-refu\u0121jati u tappo\u0121\u0121ja d-drittijiet fundamentali tag\u0127hom biex jibdew jer\u0121g\u0127u jibnu \u0127ajjithom mill-\u0121did.<\/span><\/p>\t\t\t\t\t\t\t\t<\/div>\n\t\t\t\t<\/div>\n\t\t\t\t<\/div>\n\t\t\t\t\t<\/div>\n\t\t\t\t<\/div>\n\t\t<div class=\"elementor-element elementor-element-35af5aa e-flex e-con-boxed e-con e-parent\" data-id=\"35af5aa\" data-element_type=\"container\" data-e-type=\"container\">\n\t\t\t\t\t<div class=\"e-con-inner\">\n\t\t<div class=\"elementor-element elementor-element-33d48dd e-con-full e-flex e-con e-child\" data-id=\"33d48dd\" data-element_type=\"container\" data-e-type=\"container\">\n\t\t\t\t<div class=\"elementor-element elementor-element-5cbf32b elementor-widget elementor-widget-image\" data-id=\"5cbf32b\" data-element_type=\"widget\" data-e-type=\"widget\" data-widget_type=\"image.default\">\n\t\t\t\t<div class=\"elementor-widget-container\">\n\t\t\t\t\t\t\t\t\t\t\t\t\t\t\t<img loading=\"lazy\" decoding=\"async\" width=\"422\" height=\"200\" src=\"https:\/\/www.languagebuddy.eu\/wp-content\/uploads\/2024\/07\/logocospe-3.png\" class=\"attachment-large size-large wp-image-408\" alt=\"\" srcset=\"https:\/\/www.languagebuddy.eu\/wp-content\/uploads\/2024\/07\/logocospe-3.png 422w, https:\/\/www.languagebuddy.eu\/wp-content\/uploads\/2024\/07\/logocospe-3-300x142.png 300w\" sizes=\"(max-width: 422px) 100vw, 422px\" \/>\t\t\t\t\t\t\t\t\t\t\t\t\t\t\t<\/div>\n\t\t\t\t<\/div>\n\t\t\t\t<div class=\"elementor-element elementor-element-38d062a elementor-widget elementor-widget-heading\" data-id=\"38d062a\" data-element_type=\"widget\" data-e-type=\"widget\" data-widget_type=\"heading.default\">\n\t\t\t\t<div class=\"elementor-widget-container\">\n\t\t\t\t\t<h2 class=\"elementor-heading-title elementor-size-default\">COSPE<\/h2>\t\t\t\t<\/div>\n\t\t\t\t<\/div>\n\t\t\t\t<div class=\"elementor-element elementor-element-7fc5ea3 elementor-widget-divider--view-line elementor-widget elementor-widget-divider\" data-id=\"7fc5ea3\" data-element_type=\"widget\" data-e-type=\"widget\" data-widget_type=\"divider.default\">\n\t\t\t\t<div class=\"elementor-widget-container\">\n\t\t\t\t\t\t\t<div class=\"elementor-divider\">\n\t\t\t<span class=\"elementor-divider-separator\">\n\t\t\t\t\t\t<\/span>\n\t\t<\/div>\n\t\t\t\t\t\t<\/div>\n\t\t\t\t<\/div>\n\t\t\t\t<div class=\"elementor-element elementor-element-f917b77 elementor-widget elementor-widget-text-editor\" data-id=\"f917b77\" data-element_type=\"widget\" data-e-type=\"widget\" data-widget_type=\"text-editor.default\">\n\t\t\t\t<div class=\"elementor-widget-container\">\n\t\t\t\t\t\t\t\t\t<p><b>COSPE<\/b> <span style=\"font-weight: 400;\">hija NGO Ii \u0121iet mwaqqfa fl-1983 fl-Italja<\/span><span style=\"font-weight: 400;\"> u li tmexxi attivitajiet ta&#8217; Kooperazzjoni Internazzjonali f&#8217;25 pajji\u017c li jinkludu pajji\u017ci kemm fl-UE u kemm barra mill-UE. G\u0127andha esperjenza estensiva fit-tfassil, l-implimentazzjoni u l-koordinazzjoni ta\u2019 pro\u0121etti li jiffokaw fuq l-inklu\u017cjoni ta\u2019 immigranti u fuq il-\u0121lieda kontra r-razzi\u017cmu u d-diskriminazzjoni. L-organizzazzjoni toffri ri\u010berka, workshops u ta\u0127ri\u0121 fil-livelli kollha, inklu\u017c ta\u0127ri\u0121 lingwistiku. <\/span><\/p><p><strong><a href=\"https:\/\/www.cospe.org\/\">www.cospe.org<\/a><\/strong><\/p>\t\t\t\t\t\t\t\t<\/div>\n\t\t\t\t<\/div>\n\t\t\t\t<\/div>\n\t\t<div class=\"elementor-element elementor-element-4ef0fb9 e-con-full e-flex e-con e-child\" data-id=\"4ef0fb9\" data-element_type=\"container\" data-e-type=\"container\">\n\t\t\t\t<div class=\"elementor-element elementor-element-f8bf329 elementor-widget elementor-widget-image\" data-id=\"f8bf329\" data-element_type=\"widget\" data-e-type=\"widget\" data-widget_type=\"image.default\">\n\t\t\t\t<div class=\"elementor-widget-container\">\n\t\t\t\t\t\t\t\t\t\t\t\t\t\t\t<img loading=\"lazy\" decoding=\"async\" width=\"800\" height=\"405\" src=\"https:\/\/www.languagebuddy.eu\/wp-content\/uploads\/2024\/07\/SOS-Malta-Logo-1024x519.jpg\" class=\"attachment-large size-large wp-image-416\" alt=\"\" srcset=\"https:\/\/www.languagebuddy.eu\/wp-content\/uploads\/2024\/07\/SOS-Malta-Logo-1024x519.jpg 1024w, https:\/\/www.languagebuddy.eu\/wp-content\/uploads\/2024\/07\/SOS-Malta-Logo-300x152.jpg 300w, https:\/\/www.languagebuddy.eu\/wp-content\/uploads\/2024\/07\/SOS-Malta-Logo-768x389.jpg 768w, https:\/\/www.languagebuddy.eu\/wp-content\/uploads\/2024\/07\/SOS-Malta-Logo-1536x778.jpg 1536w, https:\/\/www.languagebuddy.eu\/wp-content\/uploads\/2024\/07\/SOS-Malta-Logo.jpg 1585w\" sizes=\"(max-width: 800px) 100vw, 800px\" \/>\t\t\t\t\t\t\t\t\t\t\t\t\t\t\t<\/div>\n\t\t\t\t<\/div>\n\t\t\t\t<div class=\"elementor-element elementor-element-7909f19 elementor-widget elementor-widget-heading\" data-id=\"7909f19\" data-element_type=\"widget\" data-e-type=\"widget\" data-widget_type=\"heading.default\">\n\t\t\t\t<div class=\"elementor-widget-container\">\n\t\t\t\t\t<h2 class=\"elementor-heading-title elementor-size-default\">SOS Malta<\/h2>\t\t\t\t<\/div>\n\t\t\t\t<\/div>\n\t\t\t\t<div class=\"elementor-element elementor-element-d08f4aa elementor-widget-divider--view-line elementor-widget elementor-widget-divider\" data-id=\"d08f4aa\" data-element_type=\"widget\" data-e-type=\"widget\" data-widget_type=\"divider.default\">\n\t\t\t\t<div class=\"elementor-widget-container\">\n\t\t\t\t\t\t\t<div class=\"elementor-divider\">\n\t\t\t<span class=\"elementor-divider-separator\">\n\t\t\t\t\t\t<\/span>\n\t\t<\/div>\n\t\t\t\t\t\t<\/div>\n\t\t\t\t<\/div>\n\t\t\t\t<div class=\"elementor-element elementor-element-e4719e9 elementor-widget elementor-widget-text-editor\" data-id=\"e4719e9\" data-element_type=\"widget\" data-e-type=\"widget\" data-widget_type=\"text-editor.default\">\n\t\t\t\t<div class=\"elementor-widget-container\">\n\t\t\t\t\t\t\t\t\t<p><b>SOS Malta<\/b><span style=\"font-weight: 400;\"> SOS Malta hija organizzazzjoni volontarja li \u0121iet mwaqqfa fl-1991 biex tg\u0127in gruppi li huma so\u010bjalment \u017cvanta\u0121\u0121ati jtejbu l-kwalit\u00e0 tal-\u0127ajja tag\u0127hom billi tipprovdi servizzi ta\u2019 appo\u0121\u0121 u opportunitajiet g\u0127all-i\u017cvilupp u l-bidla. L-organizzazzjoni timpjega 11-il persuna u madwar 15-il professjonist, u g\u0127andha mag\u0127ha wkoll grupp ta&#8217; voluntiera. <\/span><\/p>\t\t\t\t\t\t\t\t<\/div>\n\t\t\t\t<\/div>\n\t\t\t\t<\/div>\n\t\t\t\t\t<\/div>\n\t\t\t\t<\/div>\n\t\t<div class=\"elementor-element elementor-element-899376e e-flex e-con-boxed e-con e-parent\" data-id=\"899376e\" data-element_type=\"container\" data-e-type=\"container\">\n\t\t\t\t\t<div class=\"e-con-inner\">\n\t\t<div class=\"elementor-element elementor-element-ef4ffc9 e-con-full e-flex e-con e-child\" data-id=\"ef4ffc9\" data-element_type=\"container\" data-e-type=\"container\">\n\t\t\t\t<div class=\"elementor-element elementor-element-59db08a elementor-widget elementor-widget-image\" data-id=\"59db08a\" data-element_type=\"widget\" data-e-type=\"widget\" data-widget_type=\"image.default\">\n\t\t\t\t<div class=\"elementor-widget-container\">\n\t\t\t\t\t\t\t\t\t\t\t\t\t\t\t<img loading=\"lazy\" decoding=\"async\" width=\"800\" height=\"290\" src=\"https:\/\/www.languagebuddy.eu\/wp-content\/uploads\/2024\/07\/AdvenioLatest-1024x371.png\" class=\"attachment-large size-large wp-image-424\" alt=\"\" srcset=\"https:\/\/www.languagebuddy.eu\/wp-content\/uploads\/2024\/07\/AdvenioLatest-1024x371.png 1024w, https:\/\/www.languagebuddy.eu\/wp-content\/uploads\/2024\/07\/AdvenioLatest-300x109.png 300w, https:\/\/www.languagebuddy.eu\/wp-content\/uploads\/2024\/07\/AdvenioLatest-768x278.png 768w, https:\/\/www.languagebuddy.eu\/wp-content\/uploads\/2024\/07\/AdvenioLatest-1536x556.png 1536w, https:\/\/www.languagebuddy.eu\/wp-content\/uploads\/2024\/07\/AdvenioLatest-2048x742.png 2048w\" sizes=\"(max-width: 800px) 100vw, 800px\" \/>\t\t\t\t\t\t\t\t\t\t\t\t\t\t\t<\/div>\n\t\t\t\t<\/div>\n\t\t\t\t<div class=\"elementor-element elementor-element-56ad143 elementor-widget elementor-widget-heading\" data-id=\"56ad143\" data-element_type=\"widget\" data-e-type=\"widget\" data-widget_type=\"heading.default\">\n\t\t\t\t<div class=\"elementor-widget-container\">\n\t\t\t\t\t<h2 class=\"elementor-heading-title elementor-size-default\">Advenio eAcademy<\/h2>\t\t\t\t<\/div>\n\t\t\t\t<\/div>\n\t\t\t\t<div class=\"elementor-element elementor-element-f83ce1e elementor-widget-divider--view-line elementor-widget elementor-widget-divider\" data-id=\"f83ce1e\" data-element_type=\"widget\" data-e-type=\"widget\" data-widget_type=\"divider.default\">\n\t\t\t\t<div class=\"elementor-widget-container\">\n\t\t\t\t\t\t\t<div class=\"elementor-divider\">\n\t\t\t<span class=\"elementor-divider-separator\">\n\t\t\t\t\t\t<\/span>\n\t\t<\/div>\n\t\t\t\t\t\t<\/div>\n\t\t\t\t<\/div>\n\t\t\t\t<div class=\"elementor-element elementor-element-429565d elementor-widget elementor-widget-text-editor\" data-id=\"429565d\" data-element_type=\"widget\" data-e-type=\"widget\" data-widget_type=\"text-editor.default\">\n\t\t\t\t<div class=\"elementor-widget-container\">\n\t\t\t\t\t\t\t\t\t<p><b>AeA<\/b><span style=\"font-weight: 400;\"> AeA hija Istituzzjoni ta&#8217; Edukazzjoni Avvanzata u G\u0127olja (FHI) ibba\u017cata f&#8217;Malta li ilha lli\u010benzjata mill-2013. Hi l-ewwel HEI f&#8217;Malta li tipprovdi programmi online akkreditati. Il-pjattaforma ta\u2019 tag\u0127lim elettroniku u\u017cata hija l- EBLearn li \u0121iet \u017cviluppata minn eBusiness Systems. Din il-pjattaforma tabbona elementi ta\u2019 tag\u0127lim awtonomu ma tag\u0127lim kollaborattiv fi \u0127dan il-programmi onlajn li huma offruti mill-istituzzjoni. <\/span><\/p><p><strong><a href=\"https:\/\/aea.academy\/\">aea.academy<\/a><\/strong><\/p>\t\t\t\t\t\t\t\t<\/div>\n\t\t\t\t<\/div>\n\t\t\t\t<\/div>\n\t\t<div class=\"elementor-element elementor-element-d33054d e-con-full e-flex e-con e-child\" data-id=\"d33054d\" data-element_type=\"container\" data-e-type=\"container\">\n\t\t\t\t<div class=\"elementor-element elementor-element-ec4f42f elementor-widget elementor-widget-image\" data-id=\"ec4f42f\" data-element_type=\"widget\" data-e-type=\"widget\" data-widget_type=\"image.default\">\n\t\t\t\t<div class=\"elementor-widget-container\">\n\t\t\t\t\t\t\t\t\t\t\t\t\t\t\t<img loading=\"lazy\" decoding=\"async\" width=\"521\" height=\"206\" src=\"https:\/\/www.languagebuddy.eu\/wp-content\/uploads\/2024\/07\/Logo-UTBV-BLACK-EN.jpg\" class=\"attachment-large size-large wp-image-536\" alt=\"\" srcset=\"https:\/\/www.languagebuddy.eu\/wp-content\/uploads\/2024\/07\/Logo-UTBV-BLACK-EN.jpg 521w, https:\/\/www.languagebuddy.eu\/wp-content\/uploads\/2024\/07\/Logo-UTBV-BLACK-EN-300x119.jpg 300w\" sizes=\"(max-width: 521px) 100vw, 521px\" \/>\t\t\t\t\t\t\t\t\t\t\t\t\t\t\t<\/div>\n\t\t\t\t<\/div>\n\t\t\t\t<div class=\"elementor-element elementor-element-134b7c5 elementor-widget elementor-widget-heading\" data-id=\"134b7c5\" data-element_type=\"widget\" data-e-type=\"widget\" data-widget_type=\"heading.default\">\n\t\t\t\t<div class=\"elementor-widget-container\">\n\t\t\t\t\t<h2 class=\"elementor-heading-title elementor-size-default\">UTBV<\/h2>\t\t\t\t<\/div>\n\t\t\t\t<\/div>\n\t\t\t\t<div class=\"elementor-element elementor-element-70bce91 elementor-widget-divider--view-line elementor-widget elementor-widget-divider\" data-id=\"70bce91\" data-element_type=\"widget\" data-e-type=\"widget\" data-widget_type=\"divider.default\">\n\t\t\t\t<div class=\"elementor-widget-container\">\n\t\t\t\t\t\t\t<div class=\"elementor-divider\">\n\t\t\t<span class=\"elementor-divider-separator\">\n\t\t\t\t\t\t<\/span>\n\t\t<\/div>\n\t\t\t\t\t\t<\/div>\n\t\t\t\t<\/div>\n\t\t\t\t<div class=\"elementor-element elementor-element-59fb4c7 elementor-widget elementor-widget-text-editor\" data-id=\"59fb4c7\" data-element_type=\"widget\" data-e-type=\"widget\" data-widget_type=\"text-editor.default\">\n\t\t\t\t<div class=\"elementor-widget-container\">\n\t\t\t\t\t\t\t\t\t<p><b>UTBV<\/b><span style=\"font-weight: 400;\"> L-UTBV hija istituzzjoni presti\u0121ju\u017ca kemm fuq livell nazzjonali kif ukoll internazzjonali. Id-Dipartiment tat-Ta\u0127ri\u0121 tal-G\u0127alliema joffri programm tal-MA jismu \u201cTeaching, Learning and Counselling in an Intercultural Context\u201d li j\u0127alli impatt fuq il-komunit\u00e0 lokali u diversi ri\u017corsi umani u materjali peress li jipprepara mill-inqas 1500 student g\u0127al karriera ta\u2019 tag\u0127lim u jipprovdi wkoll opportunitajiet g\u0127all-prattika tat-tag\u0127lim u l-volontarjat. <\/span><\/p><p><strong><a href=\"https:\/\/unitbv.ro\/en\/\">unitbv.ro<\/a><\/strong><\/p>\t\t\t\t\t\t\t\t<\/div>\n\t\t\t\t<\/div>\n\t\t\t\t<\/div>\n\t\t\t\t\t<\/div>\n\t\t\t\t<\/div>\n\t\t<div class=\"elementor-element elementor-element-cd4d602 e-flex e-con-boxed e-con e-parent\" data-id=\"cd4d602\" data-element_type=\"container\" data-e-type=\"container\">\n\t\t\t\t\t<div class=\"e-con-inner\">\n\t\t<div class=\"elementor-element elementor-element-2d3ef7a e-con-full e-flex e-con e-child\" data-id=\"2d3ef7a\" data-element_type=\"container\" data-e-type=\"container\">\n\t\t\t\t<div class=\"elementor-element elementor-element-8403f4c elementor-widget elementor-widget-image\" data-id=\"8403f4c\" data-element_type=\"widget\" data-e-type=\"widget\" data-widget_type=\"image.default\">\n\t\t\t\t<div class=\"elementor-widget-container\">\n\t\t\t\t\t\t\t\t\t\t\t\t\t\t\t<img loading=\"lazy\" decoding=\"async\" width=\"443\" height=\"444\" src=\"https:\/\/www.languagebuddy.eu\/wp-content\/uploads\/2024\/07\/LogoUNWESofia.png\" class=\"attachment-large size-large wp-image-440\" alt=\"\" srcset=\"https:\/\/www.languagebuddy.eu\/wp-content\/uploads\/2024\/07\/LogoUNWESofia.png 443w, https:\/\/www.languagebuddy.eu\/wp-content\/uploads\/2024\/07\/LogoUNWESofia-300x300.png 300w, https:\/\/www.languagebuddy.eu\/wp-content\/uploads\/2024\/07\/LogoUNWESofia-150x150.png 150w\" sizes=\"(max-width: 443px) 100vw, 443px\" \/>\t\t\t\t\t\t\t\t\t\t\t\t\t\t\t<\/div>\n\t\t\t\t<\/div>\n\t\t\t\t<div class=\"elementor-element elementor-element-78884fa elementor-widget elementor-widget-heading\" data-id=\"78884fa\" data-element_type=\"widget\" data-e-type=\"widget\" data-widget_type=\"heading.default\">\n\t\t\t\t<div class=\"elementor-widget-container\">\n\t\t\t\t\t<h2 class=\"elementor-heading-title elementor-size-default\">UNWE<\/h2>\t\t\t\t<\/div>\n\t\t\t\t<\/div>\n\t\t\t\t<div class=\"elementor-element elementor-element-13030bd elementor-widget-divider--view-line elementor-widget elementor-widget-divider\" data-id=\"13030bd\" data-element_type=\"widget\" data-e-type=\"widget\" data-widget_type=\"divider.default\">\n\t\t\t\t<div class=\"elementor-widget-container\">\n\t\t\t\t\t\t\t<div class=\"elementor-divider\">\n\t\t\t<span class=\"elementor-divider-separator\">\n\t\t\t\t\t\t<\/span>\n\t\t<\/div>\n\t\t\t\t\t\t<\/div>\n\t\t\t\t<\/div>\n\t\t\t\t<div class=\"elementor-element elementor-element-e18fa91 elementor-widget elementor-widget-text-editor\" data-id=\"e18fa91\" data-element_type=\"widget\" data-e-type=\"widget\" data-widget_type=\"text-editor.default\">\n\t\t\t\t<div class=\"elementor-widget-container\">\n\t\t\t\t\t\t\t\t\t<p><b>UNWE <\/b><span style=\"font-weight: 400;\">hija l-eqdem u l-akbar universit\u00e0 tal-ekonomija fil-Bulgarija u fix-Xlokk tal-Ewropa<\/span><b>.<\/b><span style=\"font-weight: 400;\"> L-UNWE g\u0127andha 8 Fakultajiet, 34 Dipartiment u madwar 500 lettur, 300 minnhom Professuri u Professuri Asso\u010bjati. I\u010b-\u010aentru ta&#8217; Ri\u010berka Re\u0121jonali dwar il-Migrazzjoni u r-Refu\u0121jati li \u0121ie stabbilit fl-2017 jag\u0127mel parti min-netwerk ta\u2019 ri\u010berka ta\u2019 din l-Universit\u00e0.  <\/span><\/p><p><strong><a href=\"http:\/\/www.unwe.bg\">www.unwe.bg<\/a><\/strong><\/p>\t\t\t\t\t\t\t\t<\/div>\n\t\t\t\t<\/div>\n\t\t\t\t<\/div>\n\t\t<div class=\"elementor-element elementor-element-38ac559 e-con-full e-flex e-con e-child\" data-id=\"38ac559\" data-element_type=\"container\" data-e-type=\"container\">\n\t\t\t\t<div class=\"elementor-element elementor-element-3eea0bc elementor-widget elementor-widget-image\" data-id=\"3eea0bc\" data-element_type=\"widget\" data-e-type=\"widget\" data-widget_type=\"image.default\">\n\t\t\t\t<div class=\"elementor-widget-container\">\n\t\t\t\t\t\t\t\t\t\t\t\t\t\t\t<img loading=\"lazy\" decoding=\"async\" width=\"288\" height=\"86\" src=\"https:\/\/www.languagebuddy.eu\/wp-content\/uploads\/2024\/07\/Penascal.png\" class=\"attachment-large size-large wp-image-448\" alt=\"\" \/>\t\t\t\t\t\t\t\t\t\t\t\t\t\t\t<\/div>\n\t\t\t\t<\/div>\n\t\t\t\t<div class=\"elementor-element elementor-element-1169d42 elementor-widget elementor-widget-heading\" data-id=\"1169d42\" data-element_type=\"widget\" data-e-type=\"widget\" data-widget_type=\"heading.default\">\n\t\t\t\t<div class=\"elementor-widget-container\">\n\t\t\t\t\t<h2 class=\"elementor-heading-title elementor-size-default\">Pe\u00f1ascal<\/h2>\t\t\t\t<\/div>\n\t\t\t\t<\/div>\n\t\t\t\t<div class=\"elementor-element elementor-element-b587a93 elementor-widget-divider--view-line elementor-widget elementor-widget-divider\" data-id=\"b587a93\" data-element_type=\"widget\" data-e-type=\"widget\" data-widget_type=\"divider.default\">\n\t\t\t\t<div class=\"elementor-widget-container\">\n\t\t\t\t\t\t\t<div class=\"elementor-divider\">\n\t\t\t<span class=\"elementor-divider-separator\">\n\t\t\t\t\t\t<\/span>\n\t\t<\/div>\n\t\t\t\t\t\t<\/div>\n\t\t\t\t<\/div>\n\t\t\t\t<div class=\"elementor-element elementor-element-b73ce22 elementor-widget elementor-widget-text-editor\" data-id=\"b73ce22\" data-element_type=\"widget\" data-e-type=\"widget\" data-widget_type=\"text-editor.default\">\n\t\t\t\t<div class=\"elementor-widget-container\">\n\t\t\t\t\t\t\t\t\t<p><b>Pe\u00f1ascal<\/b><span style=\"font-weight: 400;\"> Pe\u00f1ascal hija inizjattiva so\u010bjali mwaqqfa f&#8217;Bilbao fl-2011 li tiffoka fuq pro\u0121etti li jinvolvu nies vulnerabbli fl-oqsma tal-edukazzjoni, kwalifi\u010bi professjonali, e\u010b\u010b. Wa\u0127da mill-kompiti ta\u2019 din l-entita\u2019 hija relatata mat-tis\u0127i\u0127 lingwistiku tan-nies li ji\u0121u fi\u010b-\u010bentru kemm biex jitg\u0127allmu kif ukoll biex itejbu l-livell tag\u0127hom tal-Ispanjol. Barra minn hekk, Pe\u00f1ascal hija entit\u00e0 awtorizzata biex tipprovdi lawrja sekondarja lil \u017cg\u0127a\u017cag\u0127 ta\u2019 bejn 14 u 17-il sena fuq il-ba\u017ci ta\u2019 ta\u0127ri\u0121 ibba\u017cat fuq xog\u0127ol fuq pro\u0121ett. Kull sena jipparte\u010bipaw madwar 200 \u017cag\u0127\u017cug\u0127 li nofshom jkunu ta\u2019 ori\u0121ini barranija u li b\u2019hekk jkunu qed jitg\u0127allmu l-lingwa permezz ta\u2019 attivitajiet informali. L-entita\u2019 toffri wkoll il-possibbilt\u00e0 li ji\u0121u studjati studji intermedji u ba\u017ci\u010bi li ju\u017caw metodi pedago\u0121i\u010bi innovattivi u jinvolvu kuntatt dirett u kostanti mal-familji. L-apprendistat u t-ta\u0127ri\u0121 fuq \u017cew\u0121 binarji ilhom parti mill-mod ta\u2019 kif l-entita\u2019 Pe\u00f1ascal ilha ta\u0127dem g\u0127al aktar minn 30 sena.     <\/span><\/p><p><a href=\"https:\/\/www.grupopenascal.com\/\">www.grupopenascal.com<\/a><\/p>\t\t\t\t\t\t\t\t<\/div>\n\t\t\t\t<\/div>\n\t\t\t\t<\/div>\n\t\t\t\t\t<\/div>\n\t\t\t\t<\/div>\n\t\t<div class=\"elementor-element elementor-element-b87f0db e-flex e-con-boxed e-con e-parent\" data-id=\"b87f0db\" data-element_type=\"container\" data-e-type=\"container\">\n\t\t\t\t\t<div class=\"e-con-inner\">\n\t\t<div class=\"elementor-element elementor-element-d9b0080 e-con-full e-flex e-con e-child\" data-id=\"d9b0080\" data-element_type=\"container\" data-e-type=\"container\">\n\t\t\t\t<div class=\"elementor-element elementor-element-e64b210 elementor-widget elementor-widget-image\" data-id=\"e64b210\" data-element_type=\"widget\" data-e-type=\"widget\" data-widget_type=\"image.default\">\n\t\t\t\t<div class=\"elementor-widget-container\">\n\t\t\t\t\t\t\t\t\t\t\t\t\t\t\t<img loading=\"lazy\" decoding=\"async\" width=\"800\" height=\"375\" src=\"https:\/\/www.languagebuddy.eu\/wp-content\/uploads\/2024\/07\/logo-UNIFI_positivo_page-0001-1024x480.jpg\" class=\"attachment-large size-large wp-image-456\" alt=\"\" srcset=\"https:\/\/www.languagebuddy.eu\/wp-content\/uploads\/2024\/07\/logo-UNIFI_positivo_page-0001-1024x480.jpg 1024w, https:\/\/www.languagebuddy.eu\/wp-content\/uploads\/2024\/07\/logo-UNIFI_positivo_page-0001-300x141.jpg 300w, https:\/\/www.languagebuddy.eu\/wp-content\/uploads\/2024\/07\/logo-UNIFI_positivo_page-0001-768x360.jpg 768w, https:\/\/www.languagebuddy.eu\/wp-content\/uploads\/2024\/07\/logo-UNIFI_positivo_page-0001-1536x720.jpg 1536w, https:\/\/www.languagebuddy.eu\/wp-content\/uploads\/2024\/07\/logo-UNIFI_positivo_page-0001-2048x960.jpg 2048w\" sizes=\"(max-width: 800px) 100vw, 800px\" \/>\t\t\t\t\t\t\t\t\t\t\t\t\t\t\t<\/div>\n\t\t\t\t<\/div>\n\t\t\t\t<div class=\"elementor-element elementor-element-c21c31f elementor-widget elementor-widget-heading\" data-id=\"c21c31f\" data-element_type=\"widget\" data-e-type=\"widget\" data-widget_type=\"heading.default\">\n\t\t\t\t<div class=\"elementor-widget-container\">\n\t\t\t\t\t<h2 class=\"elementor-heading-title elementor-size-default\">UNIFI<\/h2>\t\t\t\t<\/div>\n\t\t\t\t<\/div>\n\t\t\t\t<div class=\"elementor-element elementor-element-1cad6c7 elementor-widget-divider--view-line elementor-widget elementor-widget-divider\" data-id=\"1cad6c7\" data-element_type=\"widget\" data-e-type=\"widget\" data-widget_type=\"divider.default\">\n\t\t\t\t<div class=\"elementor-widget-container\">\n\t\t\t\t\t\t\t<div class=\"elementor-divider\">\n\t\t\t<span class=\"elementor-divider-separator\">\n\t\t\t\t\t\t<\/span>\n\t\t<\/div>\n\t\t\t\t\t\t<\/div>\n\t\t\t\t<\/div>\n\t\t\t\t<div class=\"elementor-element elementor-element-13f8439 elementor-widget elementor-widget-text-editor\" data-id=\"13f8439\" data-element_type=\"widget\" data-e-type=\"widget\" data-widget_type=\"text-editor.default\">\n\t\t\t\t<div class=\"elementor-widget-container\">\n\t\t\t\t\t\t\t\t\t<p><b>UNIFI<\/b><span style=\"font-weight: 400;\"> UNIFI huwa \u010bentru mportanti u nfluwenti g\u0127ar-ri\u010berka u ta\u0127ri\u0121 og\u0127la fl-Italja, b&#8217;1,800 lettur u ri\u010berkaturi, 1,600 persuna teknika u amministrattiva, u aktar minn 1,600 assistenti ta&#8217; ri\u010berka u studenti ta\u2019 livell ta\u2019 dottorat. Id-Dipartiment tal-Edukazzjoni, Lingwi, Interkultura, Letteratura u Psikolo\u0121ija ( <strong>FORLILPSI <\/strong>), li \u0121ie stabbilit fl-2019, huwa dipartiment interdixxiplinarju li g\u0127andu l-g\u0127an li jwettaq ri\u010berka u jippromwovi t-tag\u0127lim fil-qasam tar-relazzjonijiet bejn il-lingwi, kulturi, \u0127sibiet, im\u0121ieba, u edukazzjoni. <\/span><\/p><p><a href=\"https:\/\/www.st-umaform.unifi.it\/\">www.st-umaform.unifi.it<\/a><\/p>\t\t\t\t\t\t\t\t<\/div>\n\t\t\t\t<\/div>\n\t\t\t\t<\/div>\n\t\t<div class=\"elementor-element elementor-element-5d6ceea e-con-full e-flex e-con e-child\" data-id=\"5d6ceea\" data-element_type=\"container\" data-e-type=\"container\">\n\t\t\t\t<div class=\"elementor-element elementor-element-3df278e elementor-widget elementor-widget-image\" data-id=\"3df278e\" data-element_type=\"widget\" data-e-type=\"widget\" data-widget_type=\"image.default\">\n\t\t\t\t<div class=\"elementor-widget-container\">\n\t\t\t\t\t\t\t\t\t\t\t\t\t\t\t<img loading=\"lazy\" decoding=\"async\" width=\"800\" height=\"367\" src=\"https:\/\/www.languagebuddy.eu\/wp-content\/uploads\/2024\/07\/UPV_EHU-1024x470.jpg\" class=\"attachment-large size-large wp-image-392\" alt=\"\" srcset=\"https:\/\/www.languagebuddy.eu\/wp-content\/uploads\/2024\/07\/UPV_EHU-1024x470.jpg 1024w, https:\/\/www.languagebuddy.eu\/wp-content\/uploads\/2024\/07\/UPV_EHU-300x138.jpg 300w, https:\/\/www.languagebuddy.eu\/wp-content\/uploads\/2024\/07\/UPV_EHU-768x352.jpg 768w, https:\/\/www.languagebuddy.eu\/wp-content\/uploads\/2024\/07\/UPV_EHU-1536x704.jpg 1536w, https:\/\/www.languagebuddy.eu\/wp-content\/uploads\/2024\/07\/UPV_EHU-2048x939.jpg 2048w\" sizes=\"(max-width: 800px) 100vw, 800px\" \/>\t\t\t\t\t\t\t\t\t\t\t\t\t\t\t<\/div>\n\t\t\t\t<\/div>\n\t\t\t\t<div class=\"elementor-element elementor-element-c387c4b elementor-widget elementor-widget-heading\" data-id=\"c387c4b\" data-element_type=\"widget\" data-e-type=\"widget\" data-widget_type=\"heading.default\">\n\t\t\t\t<div class=\"elementor-widget-container\">\n\t\t\t\t\t<h2 class=\"elementor-heading-title elementor-size-default\">UPV\/ EHU<\/h2>\t\t\t\t<\/div>\n\t\t\t\t<\/div>\n\t\t\t\t<div class=\"elementor-element elementor-element-f102f2d elementor-widget-divider--view-line elementor-widget elementor-widget-divider\" data-id=\"f102f2d\" data-element_type=\"widget\" data-e-type=\"widget\" data-widget_type=\"divider.default\">\n\t\t\t\t<div class=\"elementor-widget-container\">\n\t\t\t\t\t\t\t<div class=\"elementor-divider\">\n\t\t\t<span class=\"elementor-divider-separator\">\n\t\t\t\t\t\t<\/span>\n\t\t<\/div>\n\t\t\t\t\t\t<\/div>\n\t\t\t\t<\/div>\n\t\t\t\t<div class=\"elementor-element elementor-element-b0b1370 elementor-widget elementor-widget-text-editor\" data-id=\"b0b1370\" data-element_type=\"widget\" data-e-type=\"widget\" data-widget_type=\"text-editor.default\">\n\t\t\t\t<div class=\"elementor-widget-container\">\n\t\t\t\t\t\t\t\t\t<p><b>UPV\/ EHU <\/b><span style=\"font-weight: 400;\">UPV\/ EHU University of the Basque Country\/Euskal Herriko Unibertsitatea, li kienet imwaqqfa fl-1980, hija universit\u00e0 pubblika ddedikata lir-ri\u010berka li hi mpenjata li to\u0127loq l-g\u0127arfien u li tag\u0127ti l-kontribut tag\u0127ha g\u0127ar-ri\u017coluzzjoni tal-isfidi so\u010bjali. F&#8217;ambjent globali ta&#8217; \u0121enerazzjoni u trasmissjoni ta&#8217; g\u0127arfien, tg\u0127aqqad id-dmir tag\u0127ha lejn is-so\u010bjet\u00e0 Baska mal-pro\u010bess t&#8217; internazzjonalizzazzjoni tax-xjenza miftu\u0127a. Hi tinsab fost l-aqwa 400 universit\u00e0 fil-klassifikazzjoni ta\u2019 Shanghai, bi gruppi ta&#8217; ri\u010berka kkonsolidati u ewlenin fl-oqsma kollha tal-g\u0127arfien. Il-komunit\u00e0 tag\u0127ha hija mag\u0127mula minn madwar 35,000 student u 5,800 staff ta&#8217; tag\u0127lim u ri\u010berka.   <\/span><\/p><p><strong><a href=\"https:\/\/www.ehu.eus\/en\/en-home\">www.ehu.eus<\/a><\/strong><\/p><p><strong><a href=\"https:\/\/kideon.eus\/en\/\">kideon.eus<\/a><\/strong><\/p>\t\t\t\t\t\t\t\t<\/div>\n\t\t\t\t<\/div>\n\t\t\t\t<\/div>\n\t\t\t\t\t<\/div>\n\t\t\t\t<\/div>\n\t\t\t\t<\/div>\n\t\t","protected":false},"excerpt":{"rendered":"<p>Universit\u00e0 tal-Ma\u010bedonja L-Universit\u00e0 tal-Ma\u010bedonja hija Universit\u00e0 Statali li timpjega 241 persuna fit-tag\u0127lim u ri\u010berka ta&#8217; diversi livelli akkademi\u010bi u 187 impjegat tekniku u amministrattiv. Id-Dipartiment tal-Politika Edukattiva u So\u010bjali g\u0127andu l-g\u0127an li jippromwovi x-xjenzi tat-Tag\u0127lim tul il-\u0126ajja, l-Edukazzjoni tal-Adulti, kif ukoll l-Edukazzjoni u Ta\u0127ri\u0121 ta\u2019 Persuni b\u2019Di\u017cabilit\u00e0 u\/jew bi B\u017connijiet Edukattivi Spe\u010bjali, permezz ta\u2019 tag\u0127lim [&hellip;]<\/p>\n","protected":false},"author":2,"featured_media":0,"parent":0,"menu_order":0,"comment_status":"closed","ping_status":"closed","template":"","meta":{"footnotes":""},"class_list":["post-832","page","type-page","status-publish","hentry"],"_links":{"self":[{"href":"https:\/\/www.languagebuddy.eu\/mt\/wp-json\/wp\/v2\/pages\/832","targetHints":{"allow":["GET"]}}],"collection":[{"href":"https:\/\/www.languagebuddy.eu\/mt\/wp-json\/wp\/v2\/pages"}],"about":[{"href":"https:\/\/www.languagebuddy.eu\/mt\/wp-json\/wp\/v2\/types\/page"}],"author":[{"embeddable":true,"href":"https:\/\/www.languagebuddy.eu\/mt\/wp-json\/wp\/v2\/users\/2"}],"replies":[{"embeddable":true,"href":"https:\/\/www.languagebuddy.eu\/mt\/wp-json\/wp\/v2\/comments?post=832"}],"version-history":[{"count":2,"href":"https:\/\/www.languagebuddy.eu\/mt\/wp-json\/wp\/v2\/pages\/832\/revisions"}],"predecessor-version":[{"id":834,"href":"https:\/\/www.languagebuddy.eu\/mt\/wp-json\/wp\/v2\/pages\/832\/revisions\/834"}],"wp:attachment":[{"href":"https:\/\/www.languagebuddy.eu\/mt\/wp-json\/wp\/v2\/media?parent=832"}],"curies":[{"name":"wp","href":"https:\/\/api.w.org\/{rel}","templated":true}]}}